{"id":243,"date":"2022-03-15T21:10:24","date_gmt":"2022-03-15T20:10:24","guid":{"rendered":"https:\/\/www.fojustice.fr\/web\/build\/?page_id=243"},"modified":"2026-08-31T18:46:51","modified_gmt":"2026-08-31T16:46:51","slug":"dap-pt","status":"publish","type":"page","link":"https:\/\/fojustice.fr\/web\/actualites\/dap-pt\/","title":{"rendered":"P. TECHNIQUES"},"content":{"rendered":"\t\t<div data-elementor-type=\"wp-page\" data-elementor-id=\"243\" class=\"elementor elementor-243\" data-elementor-post-type=\"page\">\n\t\t\t\t<div class=\"elementor-element elementor-element-2178ec4 e-con-full e-flex e-con e-parent\" data-id=\"2178ec4\" data-element_type=\"container\" data-e-type=\"container\" data-settings=\"{&quot;background_background&quot;:&quot;slideshow&quot;,&quot;background_slideshow_gallery&quot;:[{&quot;id&quot;:47194,&quot;url&quot;:&quot;https:\\\/\\\/fojustice.fr\\\/web\\\/wp-content\\\/uploads\\\/2026\\\/05\\\/ChatGPT-Image-8-mai-2026-a-18_31_23.png&quot;},{&quot;id&quot;:37533,&quot;url&quot;:&quot;https:\\\/\\\/fojustice.fr\\\/web\\\/wp-content\\\/uploads\\\/2025\\\/09\\\/Capture-decran-2025-09-02-a-11.07.41.png&quot;}],&quot;background_slideshow_loop&quot;:&quot;yes&quot;,&quot;background_slideshow_slide_duration&quot;:5000,&quot;background_slideshow_slide_transition&quot;:&quot;fade&quot;,&quot;background_slideshow_transition_duration&quot;:500}\">\n\t\t\t\t<div class=\"elementor-element elementor-element-736f845 elementor-widget elementor-widget-heading\" data-id=\"736f845\" data-element_type=\"widget\" data-e-type=\"widget\" data-widget_type=\"heading.default\">\n\t\t\t\t<div class=\"elementor-widget-container\">\n\t\t\t\t\t<h2 class=\"elementor-heading-title elementor-size-default\">PT<\/h2>\t\t\t\t<\/div>\n\t\t\t\t<\/div>\n\t\t\t\t<div class=\"elementor-element elementor-element-f4c9368 elementor-widget__width-initial elementor-widget-tablet__width-initial elementor-widget elementor-widget-text-editor\" data-id=\"f4c9368\" data-element_type=\"widget\" data-e-type=\"widget\" data-widget_type=\"text-editor.default\">\n\t\t\t\t<div class=\"elementor-widget-container\">\n\t\t\t\t\t\t\t\t\t<p>Retrouvez toutes les actualit\u00e9s et les informations du Corps des Personnels Techniques<\/p>\t\t\t\t\t\t\t\t<\/div>\n\t\t\t\t<\/div>\n\t\t<div class=\"elementor-element elementor-element-3148785 e-con e-atomic-element e-flexbox-base e-3148785-fe5154d \" data-id=\"3148785\" data-element_type=\"e-flexbox\" data-e-type=\"e-flexbox\" data-interaction-id=\"3148785\">\n    \t\t<div class=\"elementor-element elementor-element-9725f03 elementor-align-justify elementor-widget__width-initial elementor-widget-tablet__width-initial elementor-widget elementor-widget-button\" data-id=\"9725f03\" data-element_type=\"widget\" data-e-type=\"widget\" data-widget_type=\"button.default\">\n\t\t\t\t<div class=\"elementor-widget-container\">\n\t\t\t\t\t\t\t\t\t<div class=\"elementor-button-wrapper\">\n\t\t\t\t\t<a class=\"elementor-button elementor-button-link elementor-size-sm\" href=\"https:\/\/fojustice.fr\/web\/adhesion\/adhesion-en-ligne\/\">\n\t\t\t\t\t\t<span class=\"elementor-button-content-wrapper\">\n\t\t\t\t\t\t<span class=\"elementor-button-icon\">\n\t\t\t\t<i aria-hidden=\"true\" class=\"far fa-user\"><\/i>\t\t\t<\/span>\n\t\t\t\t\t\t\t\t\t<span class=\"elementor-button-text\">adh\u00e9rer<\/span>\n\t\t\t\t\t<\/span>\n\t\t\t\t\t<\/a>\n\t\t\t\t<\/div>\n\t\t\t\t\t\t\t\t<\/div>\n\t\t\t\t<\/div>\n\t\t\t\t<div class=\"elementor-element elementor-element-50e8852 elementor-align-justify elementor-widget__width-initial elementor-widget-tablet__width-initial elementor-widget-mobile__width-initial elementor-widget elementor-widget-button\" data-id=\"50e8852\" data-element_type=\"widget\" data-e-type=\"widget\" data-widget_type=\"button.default\">\n\t\t\t\t<div class=\"elementor-widget-container\">\n\t\t\t\t\t\t\t\t\t<div class=\"elementor-button-wrapper\">\n\t\t\t\t\t<a class=\"elementor-button elementor-button-link elementor-size-sm\" href=\"https:\/\/fojustice.fr\/web\/contactez-nous\/\">\n\t\t\t\t\t\t<span class=\"elementor-button-content-wrapper\">\n\t\t\t\t\t\t<span class=\"elementor-button-icon\">\n\t\t\t\t<i aria-hidden=\"true\" class=\"far fa-edit\"><\/i>\t\t\t<\/span>\n\t\t\t\t\t\t\t\t\t<span class=\"elementor-button-text\">NoUS CONTACTER<\/span>\n\t\t\t\t\t<\/span>\n\t\t\t\t\t<\/a>\n\t\t\t\t<\/div>\n\t\t\t\t\t\t\t\t<\/div>\n\t\t\t\t<\/div>\n\t\t\n<\/div>\n\t\t<\/div>\n\t\t<div class=\"elementor-element elementor-element-588b6d5 e-flex e-con-boxed e-con e-parent\" data-id=\"588b6d5\" data-element_type=\"container\" data-e-type=\"container\">\n\t\t\t\t\t<div class=\"e-con-inner\">\n\t\t<div class=\"elementor-element elementor-element-66790d3 e-con-full e-flex e-con e-child\" data-id=\"66790d3\" data-element_type=\"container\" data-e-type=\"container\">\n\t\t\t\t<div class=\"elementor-element elementor-element-52c44c2 anwp-pg-widget-header-style--f elementor-hidden-tablet elementor-hidden-mobile anwp-pg-post-teaser__post-icon--size-16 elementor-widget elementor-widget-anwp-pg-classic-grid\" data-id=\"52c44c2\" data-element_type=\"widget\" data-e-type=\"widget\" data-widget_type=\"anwp-pg-classic-grid.default\">\n\t\t\t\t<div class=\"elementor-widget-container\">\n\t\t\t\t\t<div class=\"anwp-pg-wrap\">\n\n\t<div class=\"anwp-pg-widget-header d-flex align-items-center position-relative\">\n\t<h5 class=\"d-flex align-items-center flex-wrap anwp-pg-widget-header__title\"> DERNI\u00c8RES ACTUALIT\u00c9S<\/h5>\t<div class=\"anwp-pg-widget-header__secondary-line\"><\/div>\n<\/div>\n\n\t<div class=\"d-flex anwp-row flex-wrap anwp-pg-classic-grid anwp-pg-posts-wrapper\">\n\t\t<div class=\"anwp-pg-post-teaser anwp-pg-post-teaser--inner-cover-link anwp-pg-post-teaser--layout-d d-flex flex-column anwp-col-lg-4 anwp-col-sm-12 anwp-col-12\">\n\t<div class=\"anwp-pg-post-teaser__thumbnail position-relative\">\n\n\t\t\t\t\t<div class=\"anwp-pg-post-teaser__top-meta d-flex flex-column anwp-pg-post-teaser__category-column mr-auto\">\n\t\t\t\t<div class=\"anwp-pg-category__wrapper-filled px-2 d-flex align-items-center anwp-pg-post-teaser__category-wrapper align-self-start anwp-pg-category-parent-0\" style=\"background-color: #1565C0\"><span>NATIONAL<\/span><\/div>\t\t\t<\/div>\n\t\t\t\n\t\t\n\t\t\t\t\t<img loading=\"lazy\" class=\"anwp-pg-post-teaser__thumbnail-img d-block anwp-pg-height-150 anwp-object-cover m-0 w-100\"\n\t\t\t\talt=\"Personnels Techniques : Calendrier 2026 &#8211; 2027 Avancement et Promotion\"\n\t\t\t\tsrc=\"https:\/\/fojustice.fr\/web\/wp-content\/uploads\/2026\/09\/Capture-decran-2026-09-03-a-11.30.25-1024x765.png\"\/>\n\t\t\n\t\t<div class=\"anwp-pg-post-teaser__thumbnail-bg anwp-position-cover\"><\/div>\n\n\t\t<a class=\"anwp-position-cover anwp-link-without-effects\" href=\"https:\/\/fojustice.fr\/web\/personnels-techniques-calendrier-2026-2027-avancement-et-promotion\/\" aria-hidden=\"true\" ><\/a>\n\t<\/div>\n\n\t<div class=\"anwp-pg-post-teaser__content flex-grow-1 pt-1 d-flex flex-column\">\n\n\t\t<div class=\"anwp-pg-post-teaser__title anwp-font-heading mt-2\">\n\t\t\t<a class=\"anwp-link-without-effects\" href=\"https:\/\/fojustice.fr\/web\/personnels-techniques-calendrier-2026-2027-avancement-et-promotion\/\" aria-hidden=\"true\" >\n\t\t\t\tPersonnels Techniques : Calendrier 2026 &#8211; 2027 Avancement et Promotion\t\t\t<\/a>\n\t\t<\/div>\n\n\t\t<div class=\"anwp-pg-post-teaser__bottom-meta d-flex flex-wrap\">\n\n\t\t\t\t\t\t\t<div class=\"anwp-pg-post-teaser__bottom-meta-item d-flex align-items-center mr-3\">\n\t\t\t\t\t<svg class=\"anwp-pg-icon anwp-pg-icon--s16 mr-1\">\n\t\t\t\t\t\t<use xlink:href=\"#icon-anwp-pg-calendar\"><\/use>\n\t\t\t\t\t<\/svg>\n\t\t\t\t\t<span class=\"posted-on m-0\"><span class=\"screen-reader-text\">Posted on<\/span><time class=\"anwp-pg-published\" datetime=\"2026-09-03T11:31:53+02:00\">03\/09\/2026<\/time><time class=\"anwp-pg-updated\" datetime=\"2026-09-04T14:54:02+02:00\">04\/09\/2026<\/time><\/span>\n\t\t\t\t<\/div>\n\t\t\t\t\n\t\t\t\t\t<\/div>\n\n\t\t\n\t\t\n\t<\/div>\n\n<\/div>\n<div class=\"anwp-pg-post-teaser anwp-pg-post-teaser--inner-cover-link anwp-pg-post-teaser--layout-d d-flex flex-column anwp-col-lg-4 anwp-col-sm-12 anwp-col-12\">\n\t<div class=\"anwp-pg-post-teaser__thumbnail position-relative\">\n\n\t\t\t\t\t<div class=\"anwp-pg-post-teaser__top-meta d-flex flex-column anwp-pg-post-teaser__category-column mr-auto\">\n\t\t\t\t<div class=\"anwp-pg-category__wrapper-filled px-2 d-flex align-items-center anwp-pg-post-teaser__category-wrapper align-self-start anwp-pg-category-parent-0\" style=\"background-color: #1565C0\"><span>NATIONAL<\/span><\/div>\t\t\t<\/div>\n\t\t\t\n\t\t\n\t\t\t\t\t<img loading=\"lazy\" class=\"anwp-pg-post-teaser__thumbnail-img d-block anwp-pg-height-150 anwp-object-cover m-0 w-100\"\n\t\t\t\talt=\"Adjoint Technique DGAP : Tableau d&#8217;Avancement 2026, les r\u00e9sultats sont publi\u00e9s !\"\n\t\t\t\tsrc=\"https:\/\/fojustice.fr\/web\/wp-content\/uploads\/2026\/08\/Capture-decran-2026-08-30-a-17.45.04-1024x671.png\"\/>\n\t\t\n\t\t<div class=\"anwp-pg-post-teaser__thumbnail-bg anwp-position-cover\"><\/div>\n\n\t\t<a class=\"anwp-position-cover anwp-link-without-effects\" href=\"https:\/\/fojustice.fr\/web\/adjoint-technique-dgap-tableau-davancement-2026-les-resultats-sont-publies\/\" aria-hidden=\"true\" ><\/a>\n\t<\/div>\n\n\t<div class=\"anwp-pg-post-teaser__content flex-grow-1 pt-1 d-flex flex-column\">\n\n\t\t<div class=\"anwp-pg-post-teaser__title anwp-font-heading mt-2\">\n\t\t\t<a class=\"anwp-link-without-effects\" href=\"https:\/\/fojustice.fr\/web\/adjoint-technique-dgap-tableau-davancement-2026-les-resultats-sont-publies\/\" aria-hidden=\"true\" >\n\t\t\t\tAdjoint Technique DGAP : Tableau d&#8217;Avancement 2026, les r\u00e9sultats sont publi\u00e9s !\t\t\t<\/a>\n\t\t<\/div>\n\n\t\t<div class=\"anwp-pg-post-teaser__bottom-meta d-flex flex-wrap\">\n\n\t\t\t\t\t\t\t<div class=\"anwp-pg-post-teaser__bottom-meta-item d-flex align-items-center mr-3\">\n\t\t\t\t\t<svg class=\"anwp-pg-icon anwp-pg-icon--s16 mr-1\">\n\t\t\t\t\t\t<use xlink:href=\"#icon-anwp-pg-calendar\"><\/use>\n\t\t\t\t\t<\/svg>\n\t\t\t\t\t<span class=\"posted-on m-0\"><span class=\"screen-reader-text\">Posted on<\/span><time class=\"anwp-pg-published\" datetime=\"2026-08-30T17:49:05+02:00\">30\/08\/2026<\/time><time class=\"anwp-pg-updated\" datetime=\"2026-08-30T17:49:05+02:00\">30\/08\/2026<\/time><\/span>\n\t\t\t\t<\/div>\n\t\t\t\t\n\t\t\t\t\t<\/div>\n\n\t\t\n\t\t\n\t<\/div>\n\n<\/div>\n<div class=\"anwp-pg-post-teaser anwp-pg-post-teaser--inner-cover-link anwp-pg-post-teaser--layout-d d-flex flex-column anwp-col-lg-4 anwp-col-sm-12 anwp-col-12\">\n\t<div class=\"anwp-pg-post-teaser__thumbnail position-relative\">\n\n\t\t\t\t\t<div class=\"anwp-pg-post-teaser__top-meta d-flex flex-column anwp-pg-post-teaser__category-column mr-auto\">\n\t\t\t\t<div class=\"anwp-pg-category__wrapper-filled px-2 d-flex align-items-center anwp-pg-post-teaser__category-wrapper align-self-start anwp-pg-category-parent-0\" style=\"background-color: #1565C0\"><span>NATIONAL<\/span><\/div>\t\t\t<\/div>\n\t\t\t\n\t\t\n\t\t\t\t\t<img loading=\"lazy\" class=\"anwp-pg-post-teaser__thumbnail-img d-block anwp-pg-height-150 anwp-object-cover m-0 w-100\"\n\t\t\t\talt=\"R\u00e9forme de la fili\u00e8re technique minist\u00e9rielle : L&#8217;UNSA refuse la pr\u00e9sence de FO Justice. La DSJ se compromet !\"\n\t\t\t\tsrc=\"https:\/\/fojustice.fr\/web\/wp-content\/uploads\/2026\/07\/Capture-decran-2026-07-30-a-17.33.28-1024x682.png\"\/>\n\t\t\n\t\t<div class=\"anwp-pg-post-teaser__thumbnail-bg anwp-position-cover\"><\/div>\n\n\t\t<a class=\"anwp-position-cover anwp-link-without-effects\" href=\"https:\/\/fojustice.fr\/web\/reforme-de-la-filiere-technique-ministerielle-lunsa-refuse-la-presence-de-fo-justice-la-dsj-se-compromet\/\" aria-hidden=\"true\" ><\/a>\n\t<\/div>\n\n\t<div class=\"anwp-pg-post-teaser__content flex-grow-1 pt-1 d-flex flex-column\">\n\n\t\t<div class=\"anwp-pg-post-teaser__title anwp-font-heading mt-2\">\n\t\t\t<a class=\"anwp-link-without-effects\" href=\"https:\/\/fojustice.fr\/web\/reforme-de-la-filiere-technique-ministerielle-lunsa-refuse-la-presence-de-fo-justice-la-dsj-se-compromet\/\" aria-hidden=\"true\" >\n\t\t\t\tR\u00e9forme de la fili\u00e8re technique minist\u00e9rielle : L&#8217;UNSA refuse la pr\u00e9sence de FO Justice. La DSJ se compromet !\t\t\t<\/a>\n\t\t<\/div>\n\n\t\t<div class=\"anwp-pg-post-teaser__bottom-meta d-flex flex-wrap\">\n\n\t\t\t\t\t\t\t<div class=\"anwp-pg-post-teaser__bottom-meta-item d-flex align-items-center mr-3\">\n\t\t\t\t\t<svg class=\"anwp-pg-icon anwp-pg-icon--s16 mr-1\">\n\t\t\t\t\t\t<use xlink:href=\"#icon-anwp-pg-calendar\"><\/use>\n\t\t\t\t\t<\/svg>\n\t\t\t\t\t<span class=\"posted-on m-0\"><span class=\"screen-reader-text\">Posted on<\/span><time class=\"anwp-pg-published\" datetime=\"2026-07-30T17:36:53+02:00\">30\/07\/2026<\/time><time class=\"anwp-pg-updated\" datetime=\"2026-07-30T17:36:53+02:00\">30\/07\/2026<\/time><\/span>\n\t\t\t\t<\/div>\n\t\t\t\t\n\t\t\t\t\t<\/div>\n\n\t\t\n\t\t\n\t<\/div>\n\n<\/div>\n<div class=\"anwp-pg-post-teaser anwp-pg-post-teaser--inner-cover-link anwp-pg-post-teaser--layout-d d-flex flex-column anwp-col-lg-4 anwp-col-sm-12 anwp-col-12\">\n\t<div class=\"anwp-pg-post-teaser__thumbnail position-relative\">\n\n\t\t\t\t\t<div class=\"anwp-pg-post-teaser__top-meta d-flex flex-column anwp-pg-post-teaser__category-column mr-auto\">\n\t\t\t\t<div class=\"anwp-pg-category__wrapper-filled px-2 d-flex align-items-center anwp-pg-post-teaser__category-wrapper align-self-start anwp-pg-category-parent-0\" style=\"background-color: #1565C0\"><span>NATIONAL<\/span><\/div>\t\t\t<\/div>\n\t\t\t\n\t\t\n\t\t\t\t\t<img loading=\"lazy\" class=\"anwp-pg-post-teaser__thumbnail-img d-block anwp-pg-height-150 anwp-object-cover m-0 w-100\"\n\t\t\t\talt=\"PT : R\u00e9sultat de la Campagne de Promotion des Adjoints Techniques DGAP dans le Corps des Techniciens MJ &#8211; Ann\u00e9e 2026\"\n\t\t\t\tsrc=\"https:\/\/fojustice.fr\/web\/wp-content\/uploads\/2026\/07\/image-5-1024x683.png\"\/>\n\t\t\n\t\t<div class=\"anwp-pg-post-teaser__thumbnail-bg anwp-position-cover\"><\/div>\n\n\t\t<a class=\"anwp-position-cover anwp-link-without-effects\" href=\"https:\/\/fojustice.fr\/web\/pt-resultat-de-la-campagne-de-promotion-des-adjoints-techniques-dgap-dans-le-corps-des-techniciens-mj-annee-2026\/\" aria-hidden=\"true\" ><\/a>\n\t<\/div>\n\n\t<div class=\"anwp-pg-post-teaser__content flex-grow-1 pt-1 d-flex flex-column\">\n\n\t\t<div class=\"anwp-pg-post-teaser__title anwp-font-heading mt-2\">\n\t\t\t<a class=\"anwp-link-without-effects\" href=\"https:\/\/fojustice.fr\/web\/pt-resultat-de-la-campagne-de-promotion-des-adjoints-techniques-dgap-dans-le-corps-des-techniciens-mj-annee-2026\/\" aria-hidden=\"true\" >\n\t\t\t\tPT : R\u00e9sultat de la Campagne de Promotion des Adjoints Techniques DGAP dans le Corps des Techniciens MJ &#8211; Ann\u00e9e 2026\t\t\t<\/a>\n\t\t<\/div>\n\n\t\t<div class=\"anwp-pg-post-teaser__bottom-meta d-flex flex-wrap\">\n\n\t\t\t\t\t\t\t<div class=\"anwp-pg-post-teaser__bottom-meta-item d-flex align-items-center mr-3\">\n\t\t\t\t\t<svg class=\"anwp-pg-icon anwp-pg-icon--s16 mr-1\">\n\t\t\t\t\t\t<use xlink:href=\"#icon-anwp-pg-calendar\"><\/use>\n\t\t\t\t\t<\/svg>\n\t\t\t\t\t<span class=\"posted-on m-0\"><span class=\"screen-reader-text\">Posted on<\/span><time class=\"anwp-pg-published\" datetime=\"2026-07-08T17:19:53+02:00\">08\/07\/2026<\/time><time class=\"anwp-pg-updated\" datetime=\"2026-07-08T17:19:53+02:00\">08\/07\/2026<\/time><\/span>\n\t\t\t\t<\/div>\n\t\t\t\t\n\t\t\t\t\t<\/div>\n\n\t\t\n\t\t\n\t<\/div>\n\n<\/div>\n<div class=\"anwp-pg-post-teaser anwp-pg-post-teaser--inner-cover-link anwp-pg-post-teaser--layout-d d-flex flex-column anwp-col-lg-4 anwp-col-sm-12 anwp-col-12\">\n\t<div class=\"anwp-pg-post-teaser__thumbnail position-relative\">\n\n\t\t\t\t\t<div class=\"anwp-pg-post-teaser__top-meta d-flex flex-column anwp-pg-post-teaser__category-column mr-auto\">\n\t\t\t\t<div class=\"anwp-pg-category__wrapper-filled px-2 d-flex align-items-center anwp-pg-post-teaser__category-wrapper align-self-start anwp-pg-category-parent-0\" style=\"background-color: #1565C0\"><span>NATIONAL<\/span><\/div>\t\t\t<\/div>\n\t\t\t\n\t\t\n\t\t\t\t\t<img loading=\"lazy\" class=\"anwp-pg-post-teaser__thumbnail-img d-block anwp-pg-height-150 anwp-object-cover m-0 w-100\"\n\t\t\t\talt=\"PT : L&#8217;ATIGIP a Besoin de Forces Vives !\"\n\t\t\t\tsrc=\"https:\/\/fojustice.fr\/web\/wp-content\/uploads\/2026\/07\/PHOTO-2026-07-03-06-31-34-e1783067750463-1024x662.jpg\"\/>\n\t\t\n\t\t<div class=\"anwp-pg-post-teaser__thumbnail-bg anwp-position-cover\"><\/div>\n\n\t\t<a class=\"anwp-position-cover anwp-link-without-effects\" href=\"https:\/\/fojustice.fr\/web\/pt-latigip-a-besoin-de-forces-vives\/\" aria-hidden=\"true\" ><\/a>\n\t<\/div>\n\n\t<div class=\"anwp-pg-post-teaser__content flex-grow-1 pt-1 d-flex flex-column\">\n\n\t\t<div class=\"anwp-pg-post-teaser__title anwp-font-heading mt-2\">\n\t\t\t<a class=\"anwp-link-without-effects\" href=\"https:\/\/fojustice.fr\/web\/pt-latigip-a-besoin-de-forces-vives\/\" aria-hidden=\"true\" >\n\t\t\t\tPT : L&#8217;ATIGIP a Besoin de Forces Vives !\t\t\t<\/a>\n\t\t<\/div>\n\n\t\t<div class=\"anwp-pg-post-teaser__bottom-meta d-flex flex-wrap\">\n\n\t\t\t\t\t\t\t<div class=\"anwp-pg-post-teaser__bottom-meta-item d-flex align-items-center mr-3\">\n\t\t\t\t\t<svg class=\"anwp-pg-icon anwp-pg-icon--s16 mr-1\">\n\t\t\t\t\t\t<use xlink:href=\"#icon-anwp-pg-calendar\"><\/use>\n\t\t\t\t\t<\/svg>\n\t\t\t\t\t<span class=\"posted-on m-0\"><span class=\"screen-reader-text\">Posted on<\/span><time class=\"anwp-pg-published\" datetime=\"2026-07-03T10:41:14+02:00\">03\/07\/2026<\/time><time class=\"anwp-pg-updated\" datetime=\"2026-07-03T10:41:14+02:00\">03\/07\/2026<\/time><\/span>\n\t\t\t\t<\/div>\n\t\t\t\t\n\t\t\t\t\t<\/div>\n\n\t\t\n\t\t\n\t<\/div>\n\n<\/div>\n<div class=\"anwp-pg-post-teaser anwp-pg-post-teaser--inner-cover-link anwp-pg-post-teaser--layout-d d-flex flex-column anwp-col-lg-4 anwp-col-sm-12 anwp-col-12\">\n\t<div class=\"anwp-pg-post-teaser__thumbnail position-relative\">\n\n\t\t\t\t\t<div class=\"anwp-pg-post-teaser__top-meta d-flex flex-column anwp-pg-post-teaser__category-column mr-auto\">\n\t\t\t\t<div class=\"anwp-pg-category__wrapper-filled px-2 d-flex align-items-center anwp-pg-post-teaser__category-wrapper align-self-start anwp-pg-category-parent-0\" style=\"background-color: #1565C0\"><span>NATIONAL<\/span><\/div>\t\t\t<\/div>\n\t\t\t\n\t\t\n\t\t\t\t\t<img loading=\"lazy\" class=\"anwp-pg-post-teaser__thumbnail-img d-block anwp-pg-height-150 anwp-object-cover m-0 w-100\"\n\t\t\t\talt=\"PT : GT Fili\u00e8re Technique Minist\u00e9rielle &#8211; Une R\u00e9forme qui Peine \u00e0 se D\u00e9ployer et une Copie du Secr\u00e9tariat G\u00e9n\u00e9ral \u00e0 Revoir d&#8217;Urgence !\"\n\t\t\t\tsrc=\"https:\/\/fojustice.fr\/web\/wp-content\/uploads\/2026\/07\/ae9452dd-4785-4e7f-a3bc-58f6918059b3-1024x683.webp\"\/>\n\t\t\n\t\t<div class=\"anwp-pg-post-teaser__thumbnail-bg anwp-position-cover\"><\/div>\n\n\t\t<a class=\"anwp-position-cover anwp-link-without-effects\" href=\"https:\/\/fojustice.fr\/web\/pt-gt-filiere-technique-ministerielle-une-reforme-qui-peine-a-se-deployer-et-une-copie-du-secretariat-general-a-revoir-durgence\/\" aria-hidden=\"true\" ><\/a>\n\t<\/div>\n\n\t<div class=\"anwp-pg-post-teaser__content flex-grow-1 pt-1 d-flex flex-column\">\n\n\t\t<div class=\"anwp-pg-post-teaser__title anwp-font-heading mt-2\">\n\t\t\t<a class=\"anwp-link-without-effects\" href=\"https:\/\/fojustice.fr\/web\/pt-gt-filiere-technique-ministerielle-une-reforme-qui-peine-a-se-deployer-et-une-copie-du-secretariat-general-a-revoir-durgence\/\" aria-hidden=\"true\" >\n\t\t\t\tPT : GT Fili\u00e8re Technique Minist\u00e9rielle &#8211; Une R\u00e9forme qui Peine \u00e0 se D\u00e9ployer et une Copie du Secr\u00e9tariat G\u00e9n\u00e9ral \u00e0 Revoir d&#8217;Urgence !\t\t\t<\/a>\n\t\t<\/div>\n\n\t\t<div class=\"anwp-pg-post-teaser__bottom-meta d-flex flex-wrap\">\n\n\t\t\t\t\t\t\t<div class=\"anwp-pg-post-teaser__bottom-meta-item d-flex align-items-center mr-3\">\n\t\t\t\t\t<svg class=\"anwp-pg-icon anwp-pg-icon--s16 mr-1\">\n\t\t\t\t\t\t<use xlink:href=\"#icon-anwp-pg-calendar\"><\/use>\n\t\t\t\t\t<\/svg>\n\t\t\t\t\t<span class=\"posted-on m-0\"><span class=\"screen-reader-text\">Posted on<\/span><time class=\"anwp-pg-published\" datetime=\"2026-07-01T10:28:15+02:00\">01\/07\/2026<\/time><time class=\"anwp-pg-updated\" datetime=\"2026-07-01T10:28:15+02:00\">01\/07\/2026<\/time><\/span>\n\t\t\t\t<\/div>\n\t\t\t\t\n\t\t\t\t\t<\/div>\n\n\t\t\n\t\t\n\t<\/div>\n\n<\/div>\n<div class=\"anwp-pg-post-teaser anwp-pg-post-teaser--inner-cover-link anwp-pg-post-teaser--layout-d d-flex flex-column anwp-col-lg-4 anwp-col-sm-12 anwp-col-12\">\n\t<div class=\"anwp-pg-post-teaser__thumbnail position-relative\">\n\n\t\t\t\t\t<div class=\"anwp-pg-post-teaser__top-meta d-flex flex-column anwp-pg-post-teaser__category-column mr-auto\">\n\t\t\t\t<div class=\"anwp-pg-category__wrapper-filled px-2 d-flex align-items-center anwp-pg-post-teaser__category-wrapper align-self-start anwp-pg-category-parent-0\" style=\"background-color: #1565C0\"><span>NATIONAL<\/span><\/div>\t\t\t<\/div>\n\t\t\t\n\t\t\n\t\t\t\t\t<img loading=\"lazy\" class=\"anwp-pg-post-teaser__thumbnail-img d-block anwp-pg-height-150 anwp-object-cover m-0 w-100\"\n\t\t\t\talt=\"PT : R\u00e9forme de la Fili\u00e8re Technique Minist\u00e9rielle\"\n\t\t\t\tsrc=\"https:\/\/fojustice.fr\/web\/wp-content\/uploads\/2026\/06\/31963498-c9d0-451d-bb3c-02dc3d04d4db-1024x683.webp\"\/>\n\t\t\n\t\t<div class=\"anwp-pg-post-teaser__thumbnail-bg anwp-position-cover\"><\/div>\n\n\t\t<a class=\"anwp-position-cover anwp-link-without-effects\" href=\"https:\/\/fojustice.fr\/web\/pt-reforme-de-la-filiere-technique-ministerielle\/\" aria-hidden=\"true\" ><\/a>\n\t<\/div>\n\n\t<div class=\"anwp-pg-post-teaser__content flex-grow-1 pt-1 d-flex flex-column\">\n\n\t\t<div class=\"anwp-pg-post-teaser__title anwp-font-heading mt-2\">\n\t\t\t<a class=\"anwp-link-without-effects\" href=\"https:\/\/fojustice.fr\/web\/pt-reforme-de-la-filiere-technique-ministerielle\/\" aria-hidden=\"true\" >\n\t\t\t\tPT : R\u00e9forme de la Fili\u00e8re Technique Minist\u00e9rielle\t\t\t<\/a>\n\t\t<\/div>\n\n\t\t<div class=\"anwp-pg-post-teaser__bottom-meta d-flex flex-wrap\">\n\n\t\t\t\t\t\t\t<div class=\"anwp-pg-post-teaser__bottom-meta-item d-flex align-items-center mr-3\">\n\t\t\t\t\t<svg class=\"anwp-pg-icon anwp-pg-icon--s16 mr-1\">\n\t\t\t\t\t\t<use xlink:href=\"#icon-anwp-pg-calendar\"><\/use>\n\t\t\t\t\t<\/svg>\n\t\t\t\t\t<span class=\"posted-on m-0\"><span class=\"screen-reader-text\">Posted on<\/span><time class=\"anwp-pg-published\" datetime=\"2026-06-29T12:23:16+02:00\">29\/06\/2026<\/time><time class=\"anwp-pg-updated\" datetime=\"2026-06-29T12:23:16+02:00\">29\/06\/2026<\/time><\/span>\n\t\t\t\t<\/div>\n\t\t\t\t\n\t\t\t\t\t<\/div>\n\n\t\t\n\t\t\n\t<\/div>\n\n<\/div>\n<div class=\"anwp-pg-post-teaser anwp-pg-post-teaser--inner-cover-link anwp-pg-post-teaser--layout-d d-flex flex-column anwp-col-lg-4 anwp-col-sm-12 anwp-col-12\">\n\t<div class=\"anwp-pg-post-teaser__thumbnail position-relative\">\n\n\t\t\t\t\t<div class=\"anwp-pg-post-teaser__top-meta d-flex flex-column anwp-pg-post-teaser__category-column mr-auto\">\n\t\t\t\t<div class=\"anwp-pg-category__wrapper-filled px-2 d-flex align-items-center anwp-pg-post-teaser__category-wrapper align-self-start anwp-pg-category-parent-0\" style=\"background-color: #1565C0\"><span>NATIONAL<\/span><\/div>\t\t\t<\/div>\n\t\t\t\n\t\t\n\t\t\t\t\t<img loading=\"lazy\" class=\"anwp-pg-post-teaser__thumbnail-img d-block anwp-pg-height-150 anwp-object-cover m-0 w-100\"\n\t\t\t\talt=\"Les taux de promotion 2026-2027 enfin publi\u00e9s : Fili\u00e8re technique minist\u00e9rielle\"\n\t\t\t\tsrc=\"https:\/\/fojustice.fr\/web\/wp-content\/uploads\/2026\/06\/a-28-1024x643.png\"\/>\n\t\t\n\t\t<div class=\"anwp-pg-post-teaser__thumbnail-bg anwp-position-cover\"><\/div>\n\n\t\t<a class=\"anwp-position-cover anwp-link-without-effects\" href=\"https:\/\/fojustice.fr\/web\/les-taux-de-promotion-2026-2027-enfin-publies-filiere-technique-ministerielle\/\" aria-hidden=\"true\" ><\/a>\n\t<\/div>\n\n\t<div class=\"anwp-pg-post-teaser__content flex-grow-1 pt-1 d-flex flex-column\">\n\n\t\t<div class=\"anwp-pg-post-teaser__title anwp-font-heading mt-2\">\n\t\t\t<a class=\"anwp-link-without-effects\" href=\"https:\/\/fojustice.fr\/web\/les-taux-de-promotion-2026-2027-enfin-publies-filiere-technique-ministerielle\/\" aria-hidden=\"true\" >\n\t\t\t\tLes taux de promotion 2026-2027 enfin publi\u00e9s : Fili\u00e8re technique minist\u00e9rielle\t\t\t<\/a>\n\t\t<\/div>\n\n\t\t<div class=\"anwp-pg-post-teaser__bottom-meta d-flex flex-wrap\">\n\n\t\t\t\t\t\t\t<div class=\"anwp-pg-post-teaser__bottom-meta-item d-flex align-items-center mr-3\">\n\t\t\t\t\t<svg class=\"anwp-pg-icon anwp-pg-icon--s16 mr-1\">\n\t\t\t\t\t\t<use xlink:href=\"#icon-anwp-pg-calendar\"><\/use>\n\t\t\t\t\t<\/svg>\n\t\t\t\t\t<span class=\"posted-on m-0\"><span class=\"screen-reader-text\">Posted on<\/span><time class=\"anwp-pg-published\" datetime=\"2026-06-26T10:13:56+02:00\">26\/06\/2026<\/time><time class=\"anwp-pg-updated\" datetime=\"2026-06-26T10:13:56+02:00\">26\/06\/2026<\/time><\/span>\n\t\t\t\t<\/div>\n\t\t\t\t\n\t\t\t\t\t<\/div>\n\n\t\t\n\t\t\n\t<\/div>\n\n<\/div>\n<div class=\"anwp-pg-post-teaser anwp-pg-post-teaser--inner-cover-link anwp-pg-post-teaser--layout-d d-flex flex-column anwp-col-lg-4 anwp-col-sm-12 anwp-col-12\">\n\t<div class=\"anwp-pg-post-teaser__thumbnail position-relative\">\n\n\t\t\t\t\t<div class=\"anwp-pg-post-teaser__top-meta d-flex flex-column anwp-pg-post-teaser__category-column mr-auto\">\n\t\t\t\t<div class=\"anwp-pg-category__wrapper-filled px-2 d-flex align-items-center anwp-pg-post-teaser__category-wrapper align-self-start anwp-pg-category-parent-41\" style=\"background-color: #1565C0\"><span>DGAP<\/span><\/div>\t\t\t<\/div>\n\t\t\t\n\t\t\n\t\t\t\t\t<img loading=\"lazy\" class=\"anwp-pg-post-teaser__thumbnail-img d-block anwp-pg-height-150 anwp-object-cover m-0 w-100\"\n\t\t\t\talt=\"Commission habillement du 16 juin 2026 : Compte rendu\"\n\t\t\t\tsrc=\"https:\/\/fojustice.fr\/web\/wp-content\/uploads\/2026\/06\/Capture-decran-2026-06-17-a-12.52.42-1024x680.png\"\/>\n\t\t\n\t\t<div class=\"anwp-pg-post-teaser__thumbnail-bg anwp-position-cover\"><\/div>\n\n\t\t<a class=\"anwp-position-cover anwp-link-without-effects\" href=\"https:\/\/fojustice.fr\/web\/commission-habillement-du-16-juin-2026-compte-rendu\/\" aria-hidden=\"true\" ><\/a>\n\t<\/div>\n\n\t<div class=\"anwp-pg-post-teaser__content flex-grow-1 pt-1 d-flex flex-column\">\n\n\t\t<div class=\"anwp-pg-post-teaser__title anwp-font-heading mt-2\">\n\t\t\t<a class=\"anwp-link-without-effects\" href=\"https:\/\/fojustice.fr\/web\/commission-habillement-du-16-juin-2026-compte-rendu\/\" aria-hidden=\"true\" >\n\t\t\t\tCommission habillement du 16 juin 2026 : Compte rendu\t\t\t<\/a>\n\t\t<\/div>\n\n\t\t<div class=\"anwp-pg-post-teaser__bottom-meta d-flex flex-wrap\">\n\n\t\t\t\t\t\t\t<div class=\"anwp-pg-post-teaser__bottom-meta-item d-flex align-items-center mr-3\">\n\t\t\t\t\t<svg class=\"anwp-pg-icon anwp-pg-icon--s16 mr-1\">\n\t\t\t\t\t\t<use xlink:href=\"#icon-anwp-pg-calendar\"><\/use>\n\t\t\t\t\t<\/svg>\n\t\t\t\t\t<span class=\"posted-on m-0\"><span class=\"screen-reader-text\">Posted on<\/span><time class=\"anwp-pg-published\" datetime=\"2026-06-17T12:54:19+02:00\">17\/06\/2026<\/time><time class=\"anwp-pg-updated\" datetime=\"2026-06-17T12:54:19+02:00\">17\/06\/2026<\/time><\/span>\n\t\t\t\t<\/div>\n\t\t\t\t\n\t\t\t\t\t<\/div>\n\n\t\t\n\t\t\n\t<\/div>\n\n<\/div>\n\t<\/div>\n\t\n\t<nav aria-label=\"anwp-pg-pagination-navigation\" class=\"anwp-pg-pagination-navigation position-relative\">\n\t<ul class=\"anwp-pg-pagination mx-0 justify-content-center flex-wrap\"\n\t\tdata-anwp-show_previous=\"yes\"\n\t\tdata-anwp-show_next=\"yes\"\n\t\tdata-anwp-show_first_ellipsis=\"yes\"\n\t\tdata-anwp-show_last_ellipsis=\"yes\"\n\t\tdata-anwp-auto_hide_previous=\"no\"\n\t\tdata-anwp-auto_hide_next=\"no\"\n\t\tdata-anwp-show_page_numbers=\"yes\"\n\t\tdata-anwp-page_range=\"2\"\n\t\tdata-anwp-text_previous=\"\"\n\t\tdata-anwp-text_next=\"\"\n\t\tdata-anwp-total=\"8\"\n\t\tdata-anwp-limit=\"9\"\n\t\tdata-anwp-pagination=\"{&quot;posts_to_show&quot;:&quot;latest&quot;,&quot;include_ids&quot;:&quot;&quot;,&quot;exclude_ids&quot;:&quot;&quot;,&quot;exclude_by_category&quot;:&quot;&quot;,&quot;filter_by_category&quot;:&quot;27&quot;,&quot;filter_by_tag&quot;:&quot;&quot;,&quot;filter_by_post_format&quot;:&quot;all&quot;,&quot;filter_by_author&quot;:&quot;&quot;,&quot;published_in_last_days&quot;:0,&quot;limit&quot;:9,&quot;offset&quot;:0,&quot;grid_cols&quot;:3,&quot;grid_cols_tablet&quot;:1,&quot;grid_cols_mobile&quot;:1,&quot;grid_thumbnail_size&quot;:&quot;large&quot;,&quot;show_category&quot;:&quot;yes&quot;,&quot;category_limit&quot;:1,&quot;show_date&quot;:&quot;yes&quot;,&quot;show_author&quot;:&quot;&quot;,&quot;show_comments&quot;:&quot;&quot;,&quot;card_height&quot;:{&quot;unit&quot;:&quot;px&quot;,&quot;size&quot;:150,&quot;sizes&quot;:[]},&quot;show_excerpt&quot;:&quot;&quot;,&quot;excerpt_num_words&quot;:&quot;&quot;,&quot;excerpt_source&quot;:&quot;&quot;,&quot;excerpt_html&quot;:&quot;no&quot;,&quot;layout&quot;:&quot;d&quot;,&quot;show_read_more&quot;:&quot;no&quot;,&quot;read_more_label&quot;:&quot;&quot;,&quot;read_more_class&quot;:&quot;&quot;,&quot;post_image_width&quot;:&quot;1_3&quot;,&quot;show_post_icon&quot;:&quot;yes&quot;,&quot;query_source&quot;:&quot;posts&quot;,&quot;related_posts&quot;:&quot;&quot;,&quot;related_posts_order&quot;:&quot;&quot;,&quot;card_height_mobile&quot;:&quot;&quot;,&quot;card_height_tablet&quot;:&quot;&quot;,&quot;filter_by_c_tax&quot;:&quot;&quot;,&quot;labels_by_c_tax&quot;:&quot;&quot;}\"><\/ul>\n<\/nav>\n<\/div>\n\t\t\t\t<\/div>\n\t\t\t\t<\/div>\n\t\t\t\t<div class=\"elementor-element elementor-element-44e984b anwp-pg-widget-header-style--f elementor-hidden-desktop anwp-pg-post-teaser__post-icon--size-16 elementor-widget elementor-widget-anwp-pg-classic-grid\" data-id=\"44e984b\" data-element_type=\"widget\" data-e-type=\"widget\" data-widget_type=\"anwp-pg-classic-grid.default\">\n\t\t\t\t<div class=\"elementor-widget-container\">\n\t\t\t\t\t<div class=\"anwp-pg-wrap\">\n\n\t<div class=\"anwp-pg-widget-header d-flex align-items-center position-relative\">\n\t<h5 class=\"d-flex align-items-center flex-wrap anwp-pg-widget-header__title\"> DERNI\u00c8RES ACTUALIT\u00c9S<\/h5>\t<div class=\"anwp-pg-widget-header__secondary-line\"><\/div>\n<\/div>\n\n\t<div class=\"d-flex anwp-row flex-wrap anwp-pg-classic-grid anwp-pg-posts-wrapper\">\n\t\t<div class=\"anwp-pg-post-teaser anwp-pg-post-teaser--inner-cover-link anwp-pg-post-teaser--layout-d d-flex flex-column anwp-col-lg-4 anwp-col-sm-12 anwp-col-12\">\n\t<div class=\"anwp-pg-post-teaser__thumbnail position-relative\">\n\n\t\t\t\t\t<div class=\"anwp-pg-post-teaser__top-meta d-flex flex-column anwp-pg-post-teaser__category-column mr-auto\">\n\t\t\t\t<div class=\"anwp-pg-category__wrapper-filled px-2 d-flex align-items-center anwp-pg-post-teaser__category-wrapper align-self-start anwp-pg-category-parent-0\" style=\"background-color: #1565C0\"><span>NATIONAL<\/span><\/div>\t\t\t<\/div>\n\t\t\t\n\t\t\n\t\t\t\t\t<img loading=\"lazy\" class=\"anwp-pg-post-teaser__thumbnail-img d-block anwp-pg-height-150 anwp-object-cover m-0 w-100\"\n\t\t\t\talt=\"Personnels Techniques : Calendrier 2026 &#8211; 2027 Avancement et Promotion\"\n\t\t\t\tsrc=\"https:\/\/fojustice.fr\/web\/wp-content\/uploads\/2026\/09\/Capture-decran-2026-09-03-a-11.30.25-1024x765.png\"\/>\n\t\t\n\t\t<div class=\"anwp-pg-post-teaser__thumbnail-bg anwp-position-cover\"><\/div>\n\n\t\t<a class=\"anwp-position-cover anwp-link-without-effects\" href=\"https:\/\/fojustice.fr\/web\/personnels-techniques-calendrier-2026-2027-avancement-et-promotion\/\" aria-hidden=\"true\" ><\/a>\n\t<\/div>\n\n\t<div class=\"anwp-pg-post-teaser__content flex-grow-1 pt-1 d-flex flex-column\">\n\n\t\t<div class=\"anwp-pg-post-teaser__title anwp-font-heading mt-2\">\n\t\t\t<a class=\"anwp-link-without-effects\" href=\"https:\/\/fojustice.fr\/web\/personnels-techniques-calendrier-2026-2027-avancement-et-promotion\/\" aria-hidden=\"true\" >\n\t\t\t\tPersonnels Techniques : Calendrier 2026 &#8211; 2027 Avancement et Promotion\t\t\t<\/a>\n\t\t<\/div>\n\n\t\t<div class=\"anwp-pg-post-teaser__bottom-meta d-flex flex-wrap\">\n\n\t\t\t\t\t\t\t<div class=\"anwp-pg-post-teaser__bottom-meta-item d-flex align-items-center mr-3\">\n\t\t\t\t\t<svg class=\"anwp-pg-icon anwp-pg-icon--s16 mr-1\">\n\t\t\t\t\t\t<use xlink:href=\"#icon-anwp-pg-calendar\"><\/use>\n\t\t\t\t\t<\/svg>\n\t\t\t\t\t<span class=\"posted-on m-0\"><span class=\"screen-reader-text\">Posted on<\/span><time class=\"anwp-pg-published\" datetime=\"2026-09-03T11:31:53+02:00\">03\/09\/2026<\/time><time class=\"anwp-pg-updated\" datetime=\"2026-09-04T14:54:02+02:00\">04\/09\/2026<\/time><\/span>\n\t\t\t\t<\/div>\n\t\t\t\t\n\t\t\t\t\t<\/div>\n\n\t\t\n\t\t\n\t<\/div>\n\n<\/div>\n<div class=\"anwp-pg-post-teaser anwp-pg-post-teaser--inner-cover-link anwp-pg-post-teaser--layout-d d-flex flex-column anwp-col-lg-4 anwp-col-sm-12 anwp-col-12\">\n\t<div class=\"anwp-pg-post-teaser__thumbnail position-relative\">\n\n\t\t\t\t\t<div class=\"anwp-pg-post-teaser__top-meta d-flex flex-column anwp-pg-post-teaser__category-column mr-auto\">\n\t\t\t\t<div class=\"anwp-pg-category__wrapper-filled px-2 d-flex align-items-center anwp-pg-post-teaser__category-wrapper align-self-start anwp-pg-category-parent-0\" style=\"background-color: #1565C0\"><span>NATIONAL<\/span><\/div>\t\t\t<\/div>\n\t\t\t\n\t\t\n\t\t\t\t\t<img loading=\"lazy\" class=\"anwp-pg-post-teaser__thumbnail-img d-block anwp-pg-height-150 anwp-object-cover m-0 w-100\"\n\t\t\t\talt=\"Adjoint Technique DGAP : Tableau d&#8217;Avancement 2026, les r\u00e9sultats sont publi\u00e9s !\"\n\t\t\t\tsrc=\"https:\/\/fojustice.fr\/web\/wp-content\/uploads\/2026\/08\/Capture-decran-2026-08-30-a-17.45.04-1024x671.png\"\/>\n\t\t\n\t\t<div class=\"anwp-pg-post-teaser__thumbnail-bg anwp-position-cover\"><\/div>\n\n\t\t<a class=\"anwp-position-cover anwp-link-without-effects\" href=\"https:\/\/fojustice.fr\/web\/adjoint-technique-dgap-tableau-davancement-2026-les-resultats-sont-publies\/\" aria-hidden=\"true\" ><\/a>\n\t<\/div>\n\n\t<div class=\"anwp-pg-post-teaser__content flex-grow-1 pt-1 d-flex flex-column\">\n\n\t\t<div class=\"anwp-pg-post-teaser__title anwp-font-heading mt-2\">\n\t\t\t<a class=\"anwp-link-without-effects\" href=\"https:\/\/fojustice.fr\/web\/adjoint-technique-dgap-tableau-davancement-2026-les-resultats-sont-publies\/\" aria-hidden=\"true\" >\n\t\t\t\tAdjoint Technique DGAP : Tableau d&#8217;Avancement 2026, les r\u00e9sultats sont publi\u00e9s !\t\t\t<\/a>\n\t\t<\/div>\n\n\t\t<div class=\"anwp-pg-post-teaser__bottom-meta d-flex flex-wrap\">\n\n\t\t\t\t\t\t\t<div class=\"anwp-pg-post-teaser__bottom-meta-item d-flex align-items-center mr-3\">\n\t\t\t\t\t<svg class=\"anwp-pg-icon anwp-pg-icon--s16 mr-1\">\n\t\t\t\t\t\t<use xlink:href=\"#icon-anwp-pg-calendar\"><\/use>\n\t\t\t\t\t<\/svg>\n\t\t\t\t\t<span class=\"posted-on m-0\"><span class=\"screen-reader-text\">Posted on<\/span><time class=\"anwp-pg-published\" datetime=\"2026-08-30T17:49:05+02:00\">30\/08\/2026<\/time><time class=\"anwp-pg-updated\" datetime=\"2026-08-30T17:49:05+02:00\">30\/08\/2026<\/time><\/span>\n\t\t\t\t<\/div>\n\t\t\t\t\n\t\t\t\t\t<\/div>\n\n\t\t\n\t\t\n\t<\/div>\n\n<\/div>\n<div class=\"anwp-pg-post-teaser anwp-pg-post-teaser--inner-cover-link anwp-pg-post-teaser--layout-d d-flex flex-column anwp-col-lg-4 anwp-col-sm-12 anwp-col-12\">\n\t<div class=\"anwp-pg-post-teaser__thumbnail position-relative\">\n\n\t\t\t\t\t<div class=\"anwp-pg-post-teaser__top-meta d-flex flex-column anwp-pg-post-teaser__category-column mr-auto\">\n\t\t\t\t<div class=\"anwp-pg-category__wrapper-filled px-2 d-flex align-items-center anwp-pg-post-teaser__category-wrapper align-self-start anwp-pg-category-parent-0\" style=\"background-color: #1565C0\"><span>NATIONAL<\/span><\/div>\t\t\t<\/div>\n\t\t\t\n\t\t\n\t\t\t\t\t<img loading=\"lazy\" class=\"anwp-pg-post-teaser__thumbnail-img d-block anwp-pg-height-150 anwp-object-cover m-0 w-100\"\n\t\t\t\talt=\"R\u00e9forme de la fili\u00e8re technique minist\u00e9rielle : L&#8217;UNSA refuse la pr\u00e9sence de FO Justice. La DSJ se compromet !\"\n\t\t\t\tsrc=\"https:\/\/fojustice.fr\/web\/wp-content\/uploads\/2026\/07\/Capture-decran-2026-07-30-a-17.33.28-1024x682.png\"\/>\n\t\t\n\t\t<div class=\"anwp-pg-post-teaser__thumbnail-bg anwp-position-cover\"><\/div>\n\n\t\t<a class=\"anwp-position-cover anwp-link-without-effects\" href=\"https:\/\/fojustice.fr\/web\/reforme-de-la-filiere-technique-ministerielle-lunsa-refuse-la-presence-de-fo-justice-la-dsj-se-compromet\/\" aria-hidden=\"true\" ><\/a>\n\t<\/div>\n\n\t<div class=\"anwp-pg-post-teaser__content flex-grow-1 pt-1 d-flex flex-column\">\n\n\t\t<div class=\"anwp-pg-post-teaser__title anwp-font-heading mt-2\">\n\t\t\t<a class=\"anwp-link-without-effects\" href=\"https:\/\/fojustice.fr\/web\/reforme-de-la-filiere-technique-ministerielle-lunsa-refuse-la-presence-de-fo-justice-la-dsj-se-compromet\/\" aria-hidden=\"true\" >\n\t\t\t\tR\u00e9forme de la fili\u00e8re technique minist\u00e9rielle : L&#8217;UNSA refuse la pr\u00e9sence de FO Justice. La DSJ se compromet !\t\t\t<\/a>\n\t\t<\/div>\n\n\t\t<div class=\"anwp-pg-post-teaser__bottom-meta d-flex flex-wrap\">\n\n\t\t\t\t\t\t\t<div class=\"anwp-pg-post-teaser__bottom-meta-item d-flex align-items-center mr-3\">\n\t\t\t\t\t<svg class=\"anwp-pg-icon anwp-pg-icon--s16 mr-1\">\n\t\t\t\t\t\t<use xlink:href=\"#icon-anwp-pg-calendar\"><\/use>\n\t\t\t\t\t<\/svg>\n\t\t\t\t\t<span class=\"posted-on m-0\"><span class=\"screen-reader-text\">Posted on<\/span><time class=\"anwp-pg-published\" datetime=\"2026-07-30T17:36:53+02:00\">30\/07\/2026<\/time><time class=\"anwp-pg-updated\" datetime=\"2026-07-30T17:36:53+02:00\">30\/07\/2026<\/time><\/span>\n\t\t\t\t<\/div>\n\t\t\t\t\n\t\t\t\t\t<\/div>\n\n\t\t\n\t\t\n\t<\/div>\n\n<\/div>\n\t<\/div>\n\t\n\t<nav aria-label=\"anwp-pg-pagination-navigation\" class=\"anwp-pg-pagination-navigation position-relative\">\n\t<ul class=\"anwp-pg-pagination mx-0 justify-content-center flex-wrap\"\n\t\tdata-anwp-show_previous=\"yes\"\n\t\tdata-anwp-show_next=\"yes\"\n\t\tdata-anwp-show_first_ellipsis=\"yes\"\n\t\tdata-anwp-show_last_ellipsis=\"yes\"\n\t\tdata-anwp-auto_hide_previous=\"no\"\n\t\tdata-anwp-auto_hide_next=\"no\"\n\t\tdata-anwp-show_page_numbers=\"yes\"\n\t\tdata-anwp-page_range=\"2\"\n\t\tdata-anwp-text_previous=\"\"\n\t\tdata-anwp-text_next=\"\"\n\t\tdata-anwp-total=\"24\"\n\t\tdata-anwp-limit=\"3\"\n\t\tdata-anwp-pagination=\"{&quot;posts_to_show&quot;:&quot;latest&quot;,&quot;include_ids&quot;:&quot;&quot;,&quot;exclude_ids&quot;:&quot;&quot;,&quot;exclude_by_category&quot;:&quot;&quot;,&quot;filter_by_category&quot;:&quot;27&quot;,&quot;filter_by_tag&quot;:&quot;&quot;,&quot;filter_by_post_format&quot;:&quot;all&quot;,&quot;filter_by_author&quot;:&quot;&quot;,&quot;published_in_last_days&quot;:0,&quot;limit&quot;:3,&quot;offset&quot;:0,&quot;grid_cols&quot;:3,&quot;grid_cols_tablet&quot;:1,&quot;grid_cols_mobile&quot;:1,&quot;grid_thumbnail_size&quot;:&quot;large&quot;,&quot;show_category&quot;:&quot;yes&quot;,&quot;category_limit&quot;:1,&quot;show_date&quot;:&quot;yes&quot;,&quot;show_author&quot;:&quot;&quot;,&quot;show_comments&quot;:&quot;&quot;,&quot;card_height&quot;:{&quot;unit&quot;:&quot;px&quot;,&quot;size&quot;:150,&quot;sizes&quot;:[]},&quot;show_excerpt&quot;:&quot;&quot;,&quot;excerpt_num_words&quot;:&quot;&quot;,&quot;excerpt_source&quot;:&quot;&quot;,&quot;excerpt_html&quot;:&quot;no&quot;,&quot;layout&quot;:&quot;d&quot;,&quot;show_read_more&quot;:&quot;no&quot;,&quot;read_more_label&quot;:&quot;&quot;,&quot;read_more_class&quot;:&quot;&quot;,&quot;post_image_width&quot;:&quot;1_3&quot;,&quot;show_post_icon&quot;:&quot;yes&quot;,&quot;query_source&quot;:&quot;posts&quot;,&quot;related_posts&quot;:&quot;&quot;,&quot;related_posts_order&quot;:&quot;&quot;,&quot;card_height_mobile&quot;:&quot;&quot;,&quot;card_height_tablet&quot;:&quot;&quot;,&quot;filter_by_c_tax&quot;:&quot;&quot;,&quot;labels_by_c_tax&quot;:&quot;&quot;}\"><\/ul>\n<\/nav>\n<\/div>\n\t\t\t\t<\/div>\n\t\t\t\t<\/div>\n\t\t\t\t<\/div>\n\t\t<div class=\"elementor-element elementor-element-0cbceef e-con-full e-flex e-con e-child\" data-id=\"0cbceef\" data-element_type=\"container\" data-e-type=\"container\">\n\t\t<div class=\"elementor-element elementor-element-6ad3474 e-con e-atomic-element e-flexbox-base e-6ad3474-3266907 \" data-id=\"6ad3474\" data-element_type=\"e-flexbox\" data-e-type=\"e-flexbox\" data-interaction-id=\"6ad3474\">\n    \t\t<div class=\"elementor-element elementor-element-d4e4c44 elementor-widget elementor-widget-heading\" data-id=\"d4e4c44\" data-element_type=\"widget\" data-e-type=\"widget\" data-widget_type=\"heading.default\">\n\t\t\t\t<div class=\"elementor-widget-container\">\n\t\t\t\t\t<h3 class=\"elementor-heading-title elementor-size-default\">ADH\u00c9REZ \u00c0 FO JUSTICE<\/h3>\t\t\t\t<\/div>\n\t\t\t\t<\/div>\n\t\t\t\t<div class=\"elementor-element elementor-element-0cd1906 elementor-widget elementor-widget-image\" data-id=\"0cd1906\" data-element_type=\"widget\" data-e-type=\"widget\" data-widget_type=\"image.default\">\n\t\t\t\t<div class=\"elementor-widget-container\">\n\t\t\t\t\t\t\t\t\t\t\t\t\t\t\t<img fetchpriority=\"high\" decoding=\"async\" width=\"768\" height=\"848\" src=\"https:\/\/fojustice.fr\/web\/wp-content\/uploads\/2022\/03\/FO-Justice-PT-768x848.png\" class=\"attachment-medium_large size-medium_large wp-image-1093\" alt=\"\" srcset=\"https:\/\/fojustice.fr\/web\/wp-content\/uploads\/2022\/03\/FO-Justice-PT-768x848.png 768w, https:\/\/fojustice.fr\/web\/wp-content\/uploads\/2022\/03\/FO-Justice-PT-324x358.png 324w, https:\/\/fojustice.fr\/web\/wp-content\/uploads\/2022\/03\/FO-Justice-PT-416x459.png 416w, https:\/\/fojustice.fr\/web\/wp-content\/uploads\/2022\/03\/FO-Justice-PT-272x300.png 272w, https:\/\/fojustice.fr\/web\/wp-content\/uploads\/2022\/03\/FO-Justice-PT-927x1024.png 927w, https:\/\/fojustice.fr\/web\/wp-content\/uploads\/2022\/03\/FO-Justice-PT-1391x1536.png 1391w, https:\/\/fojustice.fr\/web\/wp-content\/uploads\/2022\/03\/FO-Justice-PT-1855x2048.png 1855w, https:\/\/fojustice.fr\/web\/wp-content\/uploads\/2022\/03\/elementor\/thumbs\/FO-Justice-PT-qjpoib64s2nu3apf6oxggs4yo1203hoxmpq7ol7el4.png 200w, https:\/\/fojustice.fr\/web\/wp-content\/uploads\/2022\/03\/FO-Justice-PT.png 1975w\" sizes=\"(max-width: 768px) 100vw, 768px\" \/>\t\t\t\t\t\t\t\t\t\t\t\t\t\t\t<\/div>\n\t\t\t\t<\/div>\n\t\t\t\t<div class=\"elementor-element elementor-element-586e9d9 elementor-align-justify elementor-widget__width-initial elementor-widget-tablet__width-initial elementor-widget elementor-widget-button\" data-id=\"586e9d9\" data-element_type=\"widget\" data-e-type=\"widget\" data-widget_type=\"button.default\">\n\t\t\t\t<div class=\"elementor-widget-container\">\n\t\t\t\t\t\t\t\t\t<div class=\"elementor-button-wrapper\">\n\t\t\t\t\t<a class=\"elementor-button elementor-button-link elementor-size-sm\" href=\"https:\/\/fojustice.fr\/web\/adhesion\/adhesion-en-ligne\/\">\n\t\t\t\t\t\t<span class=\"elementor-button-content-wrapper\">\n\t\t\t\t\t\t<span class=\"elementor-button-icon\">\n\t\t\t\t<i aria-hidden=\"true\" class=\"fas fa-angle-double-right\"><\/i>\t\t\t<\/span>\n\t\t\t\t\t\t\t\t\t<span class=\"elementor-button-text\">adh\u00e9rer MAINTENANT<\/span>\n\t\t\t\t\t<\/span>\n\t\t\t\t\t<\/a>\n\t\t\t\t<\/div>\n\t\t\t\t\t\t\t\t<\/div>\n\t\t\t\t<\/div>\n\t\t\n<\/div>\n<div class=\"elementor-element elementor-element-5c05a4c e-con e-atomic-element e-flexbox-base e-5c05a4c-d30dbb4 \" data-id=\"5c05a4c\" data-element_type=\"e-flexbox\" data-e-type=\"e-flexbox\" data-interaction-id=\"5c05a4c\">\n    \t\t<div class=\"elementor-element elementor-element-bfd8471 elementor-widget elementor-widget-heading\" data-id=\"bfd8471\" data-element_type=\"widget\" data-e-type=\"widget\" data-widget_type=\"heading.default\">\n\t\t\t\t<div class=\"elementor-widget-container\">\n\t\t\t\t\t<h3 class=\"elementor-heading-title elementor-size-default\">ressources utiles<\/h3>\t\t\t\t<\/div>\n\t\t\t\t<\/div>\n\t\t\t\t<div class=\"elementor-element elementor-element-011595b elementor-align-justify elementor-widget elementor-widget-button\" data-id=\"011595b\" data-element_type=\"widget\" data-e-type=\"widget\" data-widget_type=\"button.default\">\n\t\t\t\t<div class=\"elementor-widget-container\">\n\t\t\t\t\t\t\t\t\t<div class=\"elementor-button-wrapper\">\n\t\t\t\t\t<a class=\"elementor-button elementor-button-link elementor-size-sm\" href=\"https:\/\/fojustice.fr\/web\/fo-vous-informe\/grilles-indiciaires\/\">\n\t\t\t\t\t\t<span class=\"elementor-button-content-wrapper\">\n\t\t\t\t\t\t<span class=\"elementor-button-icon\">\n\t\t\t\t<i aria-hidden=\"true\" class=\"far fa-list-alt\"><\/i>\t\t\t<\/span>\n\t\t\t\t\t\t\t\t\t<span class=\"elementor-button-text\">Grilles indiciaires<\/span>\n\t\t\t\t\t<\/span>\n\t\t\t\t\t<\/a>\n\t\t\t\t<\/div>\n\t\t\t\t\t\t\t\t<\/div>\n\t\t\t\t<\/div>\n\t\t\t\t<div class=\"elementor-element elementor-element-b40b72a elementor-align-justify elementor-widget elementor-widget-button\" data-id=\"b40b72a\" data-element_type=\"widget\" data-e-type=\"widget\" data-widget_type=\"button.default\">\n\t\t\t\t<div class=\"elementor-widget-container\">\n\t\t\t\t\t\t\t\t\t<div class=\"elementor-button-wrapper\">\n\t\t\t\t\t<a class=\"elementor-button elementor-button-link elementor-size-sm\" href=\"https:\/\/fojustice.fr\/web\/fo-vous-informe\/revendications\/\">\n\t\t\t\t\t\t<span class=\"elementor-button-content-wrapper\">\n\t\t\t\t\t\t<span class=\"elementor-button-icon\">\n\t\t\t\t<i aria-hidden=\"true\" class=\"far fa-hand-rock\"><\/i>\t\t\t<\/span>\n\t\t\t\t\t\t\t\t\t<span class=\"elementor-button-text\">REVENDICATIONS<\/span>\n\t\t\t\t\t<\/span>\n\t\t\t\t\t<\/a>\n\t\t\t\t<\/div>\n\t\t\t\t\t\t\t\t<\/div>\n\t\t\t\t<\/div>\n\t\t\t\t<div class=\"elementor-element elementor-element-4dd9874 elementor-align-justify elementor-widget elementor-widget-button\" data-id=\"4dd9874\" data-element_type=\"widget\" data-e-type=\"widget\" data-widget_type=\"button.default\">\n\t\t\t\t<div class=\"elementor-widget-container\">\n\t\t\t\t\t\t\t\t\t<div class=\"elementor-button-wrapper\">\n\t\t\t\t\t<a class=\"elementor-button elementor-button-link elementor-size-sm\" href=\"https:\/\/fojustice.fr\/web\/fo-vous-informe\/calendrier-des-payes\/\">\n\t\t\t\t\t\t<span class=\"elementor-button-content-wrapper\">\n\t\t\t\t\t\t<span class=\"elementor-button-icon\">\n\t\t\t\t<i aria-hidden=\"true\" class=\"fas fa-money-bill-wave\"><\/i>\t\t\t<\/span>\n\t\t\t\t\t\t\t\t\t<span class=\"elementor-button-text\">CALENDRIER DES PAYES<\/span>\n\t\t\t\t\t<\/span>\n\t\t\t\t\t<\/a>\n\t\t\t\t<\/div>\n\t\t\t\t\t\t\t\t<\/div>\n\t\t\t\t<\/div>\n\t\t\t\t<div class=\"elementor-element elementor-element-6bb94ca elementor-align-justify elementor-widget elementor-widget-button\" data-id=\"6bb94ca\" data-element_type=\"widget\" data-e-type=\"widget\" data-widget_type=\"button.default\">\n\t\t\t\t<div class=\"elementor-widget-container\">\n\t\t\t\t\t\t\t\t\t<div class=\"elementor-button-wrapper\">\n\t\t\t\t\t<a class=\"elementor-button elementor-button-link elementor-size-sm\" href=\"https:\/\/www.youtube.com\/@FOJustice\">\n\t\t\t\t\t\t<span class=\"elementor-button-content-wrapper\">\n\t\t\t\t\t\t<span class=\"elementor-button-icon\">\n\t\t\t\t<i aria-hidden=\"true\" class=\"fab fa-youtube\"><\/i>\t\t\t<\/span>\n\t\t\t\t\t\t\t\t\t<span class=\"elementor-button-text\">NOS VID\u00c9OS<\/span>\n\t\t\t\t\t<\/span>\n\t\t\t\t\t<\/a>\n\t\t\t\t<\/div>\n\t\t\t\t\t\t\t\t<\/div>\n\t\t\t\t<\/div>\n\t\t\n<\/div>\n<div class=\"elementor-element elementor-element-7cf9d89 e-con e-atomic-element e-flexbox-base e-7cf9d89-2042990 \" data-id=\"7cf9d89\" data-element_type=\"e-flexbox\" data-e-type=\"e-flexbox\" data-interaction-id=\"7cf9d89\">\n    \t\t<div class=\"elementor-element elementor-element-c23e287 elementor-widget elementor-widget-heading\" data-id=\"c23e287\" data-element_type=\"widget\" data-e-type=\"widget\" data-widget_type=\"heading.default\">\n\t\t\t\t<div class=\"elementor-widget-container\">\n\t\t\t\t\t<h3 class=\"elementor-heading-title elementor-size-default\">contactez-nous<\/h3>\t\t\t\t<\/div>\n\t\t\t\t<\/div>\n\t\t\t\t<div class=\"elementor-element elementor-element-802502b elementor-widget elementor-widget-text-editor\" data-id=\"802502b\" data-element_type=\"widget\" data-e-type=\"widget\" data-widget_type=\"text-editor.default\">\n\t\t\t\t<div class=\"elementor-widget-container\">\n\t\t\t\t\t\t\t\t\t<p>Besoin d&#8217;informations sp\u00e9cifiques ? Contactez FO Justice par email maintenant.<\/p>\t\t\t\t\t\t\t\t<\/div>\n\t\t\t\t<\/div>\n\t\t\t\t<div class=\"elementor-element elementor-element-8871848 elementor-align-justify elementor-widget elementor-widget-button\" data-id=\"8871848\" data-element_type=\"widget\" data-e-type=\"widget\" data-widget_type=\"button.default\">\n\t\t\t\t<div class=\"elementor-widget-container\">\n\t\t\t\t\t\t\t\t\t<div class=\"elementor-button-wrapper\">\n\t\t\t\t\t<a class=\"elementor-button elementor-button-link elementor-size-sm\" href=\"https:\/\/fojustice.fr\/web\/contactez-nous\/\">\n\t\t\t\t\t\t<span class=\"elementor-button-content-wrapper\">\n\t\t\t\t\t\t<span class=\"elementor-button-icon\">\n\t\t\t\t<i aria-hidden=\"true\" class=\"fas fa-mail-bulk\"><\/i>\t\t\t<\/span>\n\t\t\t\t\t\t\t\t\t<span class=\"elementor-button-text\">contacter<\/span>\n\t\t\t\t\t<\/span>\n\t\t\t\t\t<\/a>\n\t\t\t\t<\/div>\n\t\t\t\t\t\t\t\t<\/div>\n\t\t\t\t<\/div>\n\t\t\n<\/div>\n\t\t<div class=\"elementor-element elementor-element-a6aa456 elementor-widget elementor-widget-n-accordion\" data-id=\"a6aa456\" data-element_type=\"widget\" data-e-type=\"widget\" data-settings=\"{&quot;default_state&quot;:&quot;all_collapsed&quot;,&quot;max_items_expended&quot;:&quot;one&quot;,&quot;n_accordion_animation_duration&quot;:{&quot;unit&quot;:&quot;ms&quot;,&quot;size&quot;:400,&quot;sizes&quot;:[]}}\" data-widget_type=\"nested-accordion.default\">\n\t\t\t\t<div class=\"elementor-widget-container\">\n\t\t\t\t\t\t\t<div class=\"e-n-accordion\" aria-label=\"Accordion. Open links with Enter or Space, close with Escape, and navigate with Arrow Keys\">\n\t\t\t\t\t\t<details id=\"e-n-accordion-item-1740\" class=\"e-n-accordion-item\" >\n\t\t\t\t<summary class=\"e-n-accordion-item-title\" data-accordion-index=\"1\" tabindex=\"0\" aria-expanded=\"false\" aria-controls=\"e-n-accordion-item-1740\" >\n\t\t\t\t\t<span class='e-n-accordion-item-title-header'><div class=\"e-n-accordion-item-title-text\"> Liste de contacts <\/div><\/span>\n\t\t\t\t\t\t\t<span class='e-n-accordion-item-title-icon'>\n\t\t\t<span class='e-opened' ><i aria-hidden=\"true\" class=\"fas fa-minus\"><\/i><\/span>\n\t\t\t<span class='e-closed'><i aria-hidden=\"true\" class=\"fas fa-plus\"><\/i><\/span>\n\t\t<\/span>\n\n\t\t\t\t\t\t<\/summary>\n\t\t\t\t<div role=\"region\" aria-labelledby=\"e-n-accordion-item-1740\" class=\"elementor-element elementor-element-e82b3ad e-con-full e-flex e-con e-child\" data-id=\"e82b3ad\" data-element_type=\"container\" data-e-type=\"container\">\n\t\t\t\t<div class=\"elementor-element elementor-element-598aa1a elementor-widget elementor-widget-heading\" data-id=\"598aa1a\" data-element_type=\"widget\" data-e-type=\"widget\" data-widget_type=\"heading.default\">\n\t\t\t\t<div class=\"elementor-widget-container\">\n\t\t\t\t\t<h4 class=\"elementor-heading-title elementor-size-default\">SECR\u00c9TAIRE G\u00c9N\u00c9RAL ADJOINT<\/h4>\t\t\t\t<\/div>\n\t\t\t\t<\/div>\n\t\t\t\t<div class=\"elementor-element elementor-element-ba3e52f elementor-widget elementor-widget-text-editor\" data-id=\"ba3e52f\" data-element_type=\"widget\" data-e-type=\"widget\" data-widget_type=\"text-editor.default\">\n\t\t\t\t<div class=\"elementor-widget-container\">\n\t\t\t\t\t\t\t\t\t<div class=\"page\" title=\"Page 2\"><div class=\"section\"><div class=\"layoutArea\"><div class=\"column\"><p style=\"text-align: center;\"><span style=\"color: #000000;\"><strong>ALAGBE Jocelyn<\/strong><\/span><\/p><p style=\"text-align: center;\"><strong>\ud83d\udce9<a href=\"mailto:j.alagbe@fojustice.com\"> j.alagbe@fojustice.com<\/a><\/strong><\/p><p style=\"text-align: center;\"><span style=\"color: #000000;\"><strong>\ud83d\udcde 06.79.44.05.54<\/strong><\/span><\/p><p style=\"text-align: center;\">______<\/p><p style=\"text-align: center;\"><span style=\"color: #000000;\"><strong>BONO Paul<\/strong><\/span><\/p><div style=\"text-align: center;\"><a href=\"mailto:fojustice.cadresuperieur@gmail.com\"><b>fojustice.cadresuperieur@gmail.com<\/b><\/a><\/div><div style=\"text-align: center;\"><strong>______<\/strong><\/div><div><p class=\"s80\" style=\"text-align: center;\"><span style=\"color: #000000;\"><strong><span class=\"s78\">Stephane GONDAL<\/span><\/strong><\/span><\/p><p class=\"s80\" style=\"text-align: center;\"><strong><span class=\"s78\">\ud83d\udce9 <\/span><a href=\"mailto:pt@fojustice.fr\"><span class=\"s48\">pt@fojustice.fr<\/span><\/a><\/strong><\/p><p style=\"text-align: center;\"><strong>______<\/strong><\/p><p class=\"s84\" style=\"text-align: center;\"><span style=\"color: #000000;\"><strong><span class=\"s78\">Laurent AUDRERIE<\/span> <\/strong><\/span><\/p><p class=\"s84\" style=\"text-align: center;\"><strong><span class=\"s78\">\ud83d\udce9 <\/span><span style=\"color: #ff0000;\"><a style=\"color: #ff0000;\" href=\"mailto:laurent.audrerie@justice.gouv.fr\"><span class=\"s82\">laurent.audrerie@justice.g<\/span><span class=\"s82\">ouv.<\/span><span class=\"s82\">fr<\/span><\/a><\/span><\/strong><\/p><p style=\"text-align: center;\"><strong>______<\/strong><\/p><p style=\"text-align: center;\"><span style=\"color: #000000;\"><strong>Yannick SCHMITT<\/strong><\/span><\/p><p style=\"text-align: center;\"><strong><span class=\"s78\">\ud83d\udce9 \u00a0<\/span><span style=\"color: #ff0000;\">yannick.schmitt@justice.fr<\/span><\/strong><\/p><\/div><\/div><\/div><\/div><\/div>\t\t\t\t\t\t\t\t<\/div>\n\t\t\t\t<\/div>\n\t\t\t\t<div class=\"elementor-element elementor-element-44a3b56 elementor-widget-divider--view-line elementor-widget elementor-widget-divider\" data-id=\"44a3b56\" data-element_type=\"widget\" data-e-type=\"widget\" data-widget_type=\"divider.default\">\n\t\t\t\t<div class=\"elementor-widget-container\">\n\t\t\t\t\t\t\t<div class=\"elementor-divider\">\n\t\t\t<span class=\"elementor-divider-separator\">\n\t\t\t\t\t\t<\/span>\n\t\t<\/div>\n\t\t\t\t\t\t<\/div>\n\t\t\t\t<\/div>\n\t\t\t\t<div class=\"elementor-element elementor-element-8c0bdbb elementor-widget elementor-widget-text-editor\" data-id=\"8c0bdbb\" data-element_type=\"widget\" data-e-type=\"widget\" data-widget_type=\"text-editor.default\">\n\t\t\t\t<div class=\"elementor-widget-container\">\n\t\t\t\t\t\t\t\t\t<p style=\"text-align: center;\"><span style=\"color: #000000;\"><strong>Repr\u00e9sentants au sein des Services Judiciaires<\/strong><\/span><\/p><p style=\"font-weight: 400; text-align: center;\"><span style=\"color: #000000;\"><strong>RESSORT COUR D\u2019APPEL DE DOUAI\u00a0: Mathieu LECLEIRE <\/strong><\/span><a href=\"mailto:mathieu.lecleire@justice.fr\"><strong>mathieu.lecleire@justice.fr<\/strong><\/a><\/p><p style=\"font-weight: 400; text-align: center;\"><span style=\"color: #000000;\"><strong><u>\u00a0<\/u>TRIBUNAL JUDICIARE DE BOBIGNY\u00a0: Mohamed OUERGHI<\/strong> <\/span><a href=\"mailto:mohamed.ouerghi@justice.fr\"><strong>mohamed.ouerghi@justice.fr<\/strong><\/a><\/p><p style=\"font-weight: 400; text-align: center;\"><span style=\"color: #000000;\"><strong><u>\u00a0<\/u><\/strong><strong>RESSORT COUR D\u2019APPEL DE RIOM<\/strong><strong> : <\/strong><\/span><strong><span style=\"color: #000000;\">Fr\u00e9d\u00e9ric PICO<\/span> <\/strong><a href=\"mailto:Frederic.Pico@justice.fr\"><strong>Frederic.Pico@justice.fr<\/strong><\/a><\/p><p style=\"text-align: center;\"><span style=\"color: #000000;\"><strong>Repr\u00e9sentants au sein des Services P\u00e9nitentiaires<\/strong><\/span><\/p><p style=\"font-weight: 400; text-align: center;\"><span style=\"color: #000000;\"><strong><u>\u00a0<\/u><\/strong><strong>AQUITAINE\u00a0: <\/strong><\/span><strong><span style=\"color: #000000;\">Stephane GONDAL<\/span> <\/strong><a href=\"mailto:stephane.gondal@justice.fr\"><strong>stephane.gondal@justice.fr<\/strong><\/a><\/p><p style=\"font-weight: 400; text-align: center;\"><strong><u>\u00a0<\/u><\/strong><span style=\"color: #000000;\"><strong>GRAND EST<\/strong><strong> : <\/strong><strong>Emmanuel<\/strong><strong> MAIRE<\/strong> <\/span><a href=\"mailto:fojustice.pt.grand-est@bbox.fr\"><strong>fojustice.pt.grand-est@bbox.fr<\/strong><\/a><\/p><p style=\"font-weight: 400; text-align: center;\"><strong>\u00a0<\/strong><span style=\"color: #000000;\"><strong>BOURGOGNE &#8211; FRANCHE-COMT\u00c9<\/strong><strong>\u00a0:<\/strong> <strong>Florian AUGUSTE<\/strong><\/span> <a href=\"mailto:florian.auguste@justice.fr\"><strong>florian.auguste@justice.fr<\/strong><\/a><\/p><p style=\"font-weight: 400; text-align: center;\"><strong>\u00a0<\/strong><span style=\"color: #000000;\"><strong>AUVERGNE-RHONE-ALPES\u00a0:<\/strong> <strong>Herv\u00e9 CHEVALLIER<\/strong><\/span> <a href=\"mailto:herve.chevallier@justice.fr\"><strong>herve.chevallier@justice.fr<\/strong><\/a><\/p><p style=\"font-weight: 400; text-align: center;\"><strong>\u00a0<\/strong><span style=\"color: #000000;\"><strong>PACA\u00a0: <\/strong><strong>Tania BERROUANE :\u00a0<\/strong><\/span><strong><a href=\"mailto:Tania.Berrouane@justice.fr\">Tania.Berrouane@justice.fr<\/a><\/strong><\/p><p style=\"font-weight: 400; text-align: center;\"><span style=\"color: #000000;\"><strong>ENAP : Eric GELLY <\/strong><\/span><span style=\"color: #0000ff;\"><strong>eric.gelly@justice.fr<\/strong><\/span><\/p><p style=\"text-align: center;\"><strong><span style=\"color: #000000;\">La R\u00e9union : Fabrice KESSORI<\/span> <span style=\"color: #0000ff;\">Fabrice.kessori@justice.fr<\/span><\/strong><\/p>\t\t\t\t\t\t\t\t<\/div>\n\t\t\t\t<\/div>\n\t\t\t\t<\/div>\n\t\t\t\t\t<\/details>\n\t\t\t\t\t<\/div>\n\t\t\t\t\t\t<\/div>\n\t\t\t\t<\/div>\n\t\t\t\t<\/div>\n\t\t\t\t\t<\/div>\n\t\t\t\t<\/div>\n\t\t\t\t<\/div>\n\t\t","protected":false},"excerpt":{"rendered":"<p>PT Retrouvez toutes les actualit\u00e9s et les informations du Corps des Personnels Techniques adh\u00e9rer NoUS CONTACTER DERNI\u00c8RES ACTUALIT\u00c9S NATIONAL Adjoint Technique DGAP : Tableau d&#8217;Avancement 2026, les r\u00e9sultats sont publi\u00e9s ! Posted on30\/08\/202630\/08\/2026 NATIONAL R\u00e9forme de la fili\u00e8re technique minist\u00e9rielle : L&#8217;UNSA refuse la pr\u00e9sence de FO Justice. La DSJ se compromet ! Posted on30\/07\/202630\/07\/2026 [&hellip;]<\/p>\n","protected":false},"author":1,"featured_media":0,"parent":232,"menu_order":4,"comment_status":"closed","ping_status":"closed","template":"","meta":{"footnotes":"","_members_access_role":[],"_members_access_error":""},"class_list":["post-243","page","type-page","status-publish","hentry"],"yoast_head":"<!-- This site is optimized with the Yoast SEO plugin v28.4 - https:\/\/yoast.com\/product\/yoast-seo-wordpress\/ -->\n<title>Syndicat FO Justice - P. TECHNIQUES -<\/title>\n<meta name=\"description\" content=\"Syndicat FO Justice - P. TECHNIQUES -\" \/>\n<meta name=\"robots\" content=\"index, follow, max-snippet:-1, max-image-preview:large, max-video-preview:-1\" \/>\n<link rel=\"canonical\" href=\"https:\/\/fojustice.fr\/web\/actualites\/dap-pt\/\" \/>\n<meta property=\"og:locale\" content=\"fr_FR\" \/>\n<meta property=\"og:type\" content=\"article\" \/>\n<meta property=\"og:title\" content=\"Syndicat FO Justice - P. TECHNIQUES -\" \/>\n<meta property=\"og:description\" content=\"Syndicat FO Justice - P. TECHNIQUES -\" \/>\n<meta property=\"og:url\" content=\"https:\/\/fojustice.fr\/web\/actualites\/dap-pt\/\" \/>\n<meta property=\"og:site_name\" content=\"Syndicat FO Justice\" \/>\n<meta property=\"article:publisher\" content=\"https:\/\/www.facebook.com\/SyndicatFoJustice\" \/>\n<meta property=\"article:modified_time\" content=\"2026-08-31T16:46:51+00:00\" \/>\n<meta property=\"og:image\" content=\"https:\/\/fojustice.fr\/web\/wp-content\/uploads\/2026\/08\/Capture-decran-2026-08-30-a-17.45.04-1024x671.png\" \/>\n<meta name=\"twitter:card\" content=\"summary_large_image\" \/>\n<meta name=\"twitter:site\" content=\"@SyndFoJustice\" \/>\n<meta name=\"twitter:label1\" content=\"Dur\u00e9e de lecture estim\u00e9e\" \/>\n\t<meta name=\"twitter:data1\" content=\"1 minute\" \/>\n<script type=\"application\/ld+json\" class=\"yoast-schema-graph\">{\"@context\":\"https:\\\/\\\/schema.org\",\"@graph\":[{\"@type\":\"WebPage\",\"@id\":\"https:\\\/\\\/fojustice.fr\\\/web\\\/actualites\\\/dap-pt\\\/\",\"url\":\"https:\\\/\\\/fojustice.fr\\\/web\\\/actualites\\\/dap-pt\\\/\",\"name\":\"Syndicat FO Justice - P. TECHNIQUES -\",\"isPartOf\":{\"@id\":\"https:\\\/\\\/fojustice.fr\\\/web\\\/#website\"},\"primaryImageOfPage\":{\"@id\":\"https:\\\/\\\/fojustice.fr\\\/web\\\/actualites\\\/dap-pt\\\/#primaryimage\"},\"image\":{\"@id\":\"https:\\\/\\\/fojustice.fr\\\/web\\\/actualites\\\/dap-pt\\\/#primaryimage\"},\"thumbnailUrl\":\"https:\\\/\\\/fojustice.fr\\\/web\\\/wp-content\\\/uploads\\\/2026\\\/08\\\/Capture-decran-2026-08-30-a-17.45.04-1024x671.png\",\"datePublished\":\"2022-03-15T20:10:24+00:00\",\"dateModified\":\"2026-08-31T16:46:51+00:00\",\"description\":\"Syndicat FO Justice - P. TECHNIQUES -\",\"breadcrumb\":{\"@id\":\"https:\\\/\\\/fojustice.fr\\\/web\\\/actualites\\\/dap-pt\\\/#breadcrumb\"},\"inLanguage\":\"fr-FR\",\"potentialAction\":[{\"@type\":\"ReadAction\",\"target\":[\"https:\\\/\\\/fojustice.fr\\\/web\\\/actualites\\\/dap-pt\\\/\"]}]},{\"@type\":\"ImageObject\",\"inLanguage\":\"fr-FR\",\"@id\":\"https:\\\/\\\/fojustice.fr\\\/web\\\/actualites\\\/dap-pt\\\/#primaryimage\",\"url\":\"https:\\\/\\\/fojustice.fr\\\/web\\\/wp-content\\\/uploads\\\/2026\\\/08\\\/Capture-decran-2026-08-30-a-17.45.04-scaled.png\",\"contentUrl\":\"https:\\\/\\\/fojustice.fr\\\/web\\\/wp-content\\\/uploads\\\/2026\\\/08\\\/Capture-decran-2026-08-30-a-17.45.04-scaled.png\",\"width\":2048,\"height\":1343},{\"@type\":\"BreadcrumbList\",\"@id\":\"https:\\\/\\\/fojustice.fr\\\/web\\\/actualites\\\/dap-pt\\\/#breadcrumb\",\"itemListElement\":[{\"@type\":\"ListItem\",\"position\":1,\"name\":\"Accueil\",\"item\":\"https:\\\/\\\/fojustice.fr\\\/web\\\/\"},{\"@type\":\"ListItem\",\"position\":2,\"name\":\"FILIERES\",\"item\":\"https:\\\/\\\/fojustice.fr\\\/web\\\/actualites\\\/\"},{\"@type\":\"ListItem\",\"position\":3,\"name\":\"P. TECHNIQUES\"}]},{\"@type\":\"WebSite\",\"@id\":\"https:\\\/\\\/fojustice.fr\\\/web\\\/#website\",\"url\":\"https:\\\/\\\/fojustice.fr\\\/web\\\/\",\"name\":\"Syndicat FO Justice\",\"description\":\"Site du Syndicat National FO Justice\",\"publisher\":{\"@id\":\"https:\\\/\\\/fojustice.fr\\\/web\\\/#organization\"},\"alternateName\":\"Syndicat National FO Justice\",\"potentialAction\":[{\"@type\":\"SearchAction\",\"target\":{\"@type\":\"EntryPoint\",\"urlTemplate\":\"https:\\\/\\\/fojustice.fr\\\/web\\\/?s={search_term_string}\"},\"query-input\":{\"@type\":\"PropertyValueSpecification\",\"valueRequired\":true,\"valueName\":\"search_term_string\"}}],\"inLanguage\":\"fr-FR\"},{\"@type\":\"Organization\",\"@id\":\"https:\\\/\\\/fojustice.fr\\\/web\\\/#organization\",\"name\":\"Syndicat National FO Justice\",\"alternateName\":\"Syndicat National FO Justice\",\"url\":\"https:\\\/\\\/fojustice.fr\\\/web\\\/\",\"logo\":{\"@type\":\"ImageObject\",\"inLanguage\":\"fr-FR\",\"@id\":\"https:\\\/\\\/fojustice.fr\\\/web\\\/#\\\/schema\\\/logo\\\/image\\\/\",\"url\":\"https:\\\/\\\/fojustice.fr\\\/web\\\/wp-content\\\/uploads\\\/2022\\\/03\\\/logo-fo-justice.png\",\"contentUrl\":\"https:\\\/\\\/fojustice.fr\\\/web\\\/wp-content\\\/uploads\\\/2022\\\/03\\\/logo-fo-justice.png\",\"width\":800,\"height\":800,\"caption\":\"Syndicat National FO Justice\"},\"image\":{\"@id\":\"https:\\\/\\\/fojustice.fr\\\/web\\\/#\\\/schema\\\/logo\\\/image\\\/\"},\"sameAs\":[\"https:\\\/\\\/www.facebook.com\\\/SyndicatFoJustice\",\"https:\\\/\\\/x.com\\\/SyndFoJustice\"]}]}<\/script>\n<!-- \/ Yoast SEO plugin. -->","yoast_head_json":{"title":"Syndicat FO Justice - P. TECHNIQUES -","description":"Syndicat FO Justice - P. TECHNIQUES -","robots":{"index":"index","follow":"follow","max-snippet":"max-snippet:-1","max-image-preview":"max-image-preview:large","max-video-preview":"max-video-preview:-1"},"canonical":"https:\/\/fojustice.fr\/web\/actualites\/dap-pt\/","og_locale":"fr_FR","og_type":"article","og_title":"Syndicat FO Justice - P. TECHNIQUES -","og_description":"Syndicat FO Justice - P. TECHNIQUES -","og_url":"https:\/\/fojustice.fr\/web\/actualites\/dap-pt\/","og_site_name":"Syndicat FO Justice","article_publisher":"https:\/\/www.facebook.com\/SyndicatFoJustice","article_modified_time":"2026-08-31T16:46:51+00:00","og_image":[{"url":"https:\/\/fojustice.fr\/web\/wp-content\/uploads\/2026\/08\/Capture-decran-2026-08-30-a-17.45.04-1024x671.png","type":"","width":"","height":""}],"twitter_card":"summary_large_image","twitter_site":"@SyndFoJustice","twitter_misc":{"Dur\u00e9e de lecture estim\u00e9e":"1 minute"},"schema":{"@context":"https:\/\/schema.org","@graph":[{"@type":"WebPage","@id":"https:\/\/fojustice.fr\/web\/actualites\/dap-pt\/","url":"https:\/\/fojustice.fr\/web\/actualites\/dap-pt\/","name":"Syndicat FO Justice - P. TECHNIQUES -","isPartOf":{"@id":"https:\/\/fojustice.fr\/web\/#website"},"primaryImageOfPage":{"@id":"https:\/\/fojustice.fr\/web\/actualites\/dap-pt\/#primaryimage"},"image":{"@id":"https:\/\/fojustice.fr\/web\/actualites\/dap-pt\/#primaryimage"},"thumbnailUrl":"https:\/\/fojustice.fr\/web\/wp-content\/uploads\/2026\/08\/Capture-decran-2026-08-30-a-17.45.04-1024x671.png","datePublished":"2022-03-15T20:10:24+00:00","dateModified":"2026-08-31T16:46:51+00:00","description":"Syndicat FO Justice - P. TECHNIQUES -","breadcrumb":{"@id":"https:\/\/fojustice.fr\/web\/actualites\/dap-pt\/#breadcrumb"},"inLanguage":"fr-FR","potentialAction":[{"@type":"ReadAction","target":["https:\/\/fojustice.fr\/web\/actualites\/dap-pt\/"]}]},{"@type":"ImageObject","inLanguage":"fr-FR","@id":"https:\/\/fojustice.fr\/web\/actualites\/dap-pt\/#primaryimage","url":"https:\/\/fojustice.fr\/web\/wp-content\/uploads\/2026\/08\/Capture-decran-2026-08-30-a-17.45.04-scaled.png","contentUrl":"https:\/\/fojustice.fr\/web\/wp-content\/uploads\/2026\/08\/Capture-decran-2026-08-30-a-17.45.04-scaled.png","width":2048,"height":1343},{"@type":"BreadcrumbList","@id":"https:\/\/fojustice.fr\/web\/actualites\/dap-pt\/#breadcrumb","itemListElement":[{"@type":"ListItem","position":1,"name":"Accueil","item":"https:\/\/fojustice.fr\/web\/"},{"@type":"ListItem","position":2,"name":"FILIERES","item":"https:\/\/fojustice.fr\/web\/actualites\/"},{"@type":"ListItem","position":3,"name":"P. TECHNIQUES"}]},{"@type":"WebSite","@id":"https:\/\/fojustice.fr\/web\/#website","url":"https:\/\/fojustice.fr\/web\/","name":"Syndicat FO Justice","description":"Site du Syndicat National FO Justice","publisher":{"@id":"https:\/\/fojustice.fr\/web\/#organization"},"alternateName":"Syndicat National FO Justice","potentialAction":[{"@type":"SearchAction","target":{"@type":"EntryPoint","urlTemplate":"https:\/\/fojustice.fr\/web\/?s={search_term_string}"},"query-input":{"@type":"PropertyValueSpecification","valueRequired":true,"valueName":"search_term_string"}}],"inLanguage":"fr-FR"},{"@type":"Organization","@id":"https:\/\/fojustice.fr\/web\/#organization","name":"Syndicat National FO Justice","alternateName":"Syndicat National FO Justice","url":"https:\/\/fojustice.fr\/web\/","logo":{"@type":"ImageObject","inLanguage":"fr-FR","@id":"https:\/\/fojustice.fr\/web\/#\/schema\/logo\/image\/","url":"https:\/\/fojustice.fr\/web\/wp-content\/uploads\/2022\/03\/logo-fo-justice.png","contentUrl":"https:\/\/fojustice.fr\/web\/wp-content\/uploads\/2022\/03\/logo-fo-justice.png","width":800,"height":800,"caption":"Syndicat National FO Justice"},"image":{"@id":"https:\/\/fojustice.fr\/web\/#\/schema\/logo\/image\/"},"sameAs":["https:\/\/www.facebook.com\/SyndicatFoJustice","https:\/\/x.com\/SyndFoJustice"]}]}},"jetpack_shortlink":"https:\/\/wp.me\/PdNWl1-3V","jetpack_sharing_enabled":true,"_links":{"self":[{"href":"https:\/\/fojustice.fr\/web\/wp-json\/wp\/v2\/pages\/243","targetHints":{"allow":["GET"]}}],"collection":[{"href":"https:\/\/fojustice.fr\/web\/wp-json\/wp\/v2\/pages"}],"about":[{"href":"https:\/\/fojustice.fr\/web\/wp-json\/wp\/v2\/types\/page"}],"author":[{"embeddable":true,"href":"https:\/\/fojustice.fr\/web\/wp-json\/wp\/v2\/users\/1"}],"replies":[{"embeddable":true,"href":"https:\/\/fojustice.fr\/web\/wp-json\/wp\/v2\/comments?post=243"}],"version-history":[{"count":66,"href":"https:\/\/fojustice.fr\/web\/wp-json\/wp\/v2\/pages\/243\/revisions"}],"predecessor-version":[{"id":51447,"href":"https:\/\/fojustice.fr\/web\/wp-json\/wp\/v2\/pages\/243\/revisions\/51447"}],"up":[{"embeddable":true,"href":"https:\/\/fojustice.fr\/web\/wp-json\/wp\/v2\/pages\/232"}],"wp:attachment":[{"href":"https:\/\/fojustice.fr\/web\/wp-json\/wp\/v2\/media?parent=243"}],"curies":[{"name":"wp","href":"https:\/\/api.w.org\/{rel}","templated":true}]}}